 {"id":88,"date":"2026-04-21T21:32:09","date_gmt":"2026-04-21T19:32:09","guid":{"rendered":"https:\/\/blogs.univ-tlse2.fr\/rmpr\/?page_id=88"},"modified":"2026-04-21T23:08:45","modified_gmt":"2026-04-21T21:08:45","slug":"rmpr-9-saint-georges-de-didonne-2010","status":"publish","type":"page","link":"https:\/\/blogs.univ-tlse2.fr\/rmpr\/publications\/rmpr-9-saint-georges-de-didonne-2010\/","title":{"rendered":"RMPR 9 \u2013 Saint-Georges-de-Didonne 2010"},"content":{"rendered":"\n<figure class=\"wp-block-image size-full is-resized\"><img loading=\"lazy\" decoding=\"async\" width=\"100\" height=\"142\" src=\"https:\/\/blogs.univ-tlse2.fr\/rmpr\/files\/2026\/04\/RMPR_09_100.jpg\" alt=\"\" class=\"wp-image-115\" style=\"width:100px\" \/><\/figure>\n\n\n\n<h2 class=\"wp-block-heading\">PERRIN (T.), S\u00c9N\u00c9PART (I.), CAULIEZ (J. ), THIRAULT (\u00c9.) et BONNARDIN (S.), dir., 2012. Dynamismes et rythmes \u00e9volutifs des soci\u00e9t\u00e9s de la Pr\u00e9histoire r\u00e9cente. Actualit\u00e9 de la recherche. Actes des 9e Rencontres M\u00e9ridionales de Pr\u00e9histoire R\u00e9cente, Saint-Georges-de-Didonne, 8 et 9 octobre 2010, Archives d\u2019\u00c9cologie Pr\u00e9historique, 2012, 493 p., ISBN 978-2-35842-007-5.<\/h2>\n\n\n\n<p><a href=\"http:\/\/www.archeoaep.fr\/?product=dynamismes-et-rythmes-evolutifs-des-societes-de-la-prehistoire-recente-actualite-de-la-recherche-actes-des-9e-rencontres-meridionales-de-prehistoire-recente-saint-georges-de-didonne-8-et-9-octobre\" target=\"_blank\" rel=\"noreferrer noopener\">En vente sur le site des AEP<\/a><\/p>\n\n\n\n<p>L\u2019analyse du devenir des \u00ab entit\u00e9s culturelles \u00bb d\u00e9finies par l\u2019arch\u00e9ologue sur la longue dur\u00e9e met en \u00e9vidence des ph\u00e9nom\u00e8nes de remplacement de groupes culturels par d\u2019autres et\/ou de transformation d\u2019un groupe en un autre. Or, l\u2019exercice quotidien de la recherche pr\u00e9historique montre ais\u00e9ment que tous les crit\u00e8res d\u00e9finissant une culture n\u2019\u00e9voluent pas selon un m\u00eame rythme. Ainsi, la d\u00e9finition des divers stades d\u2019un m\u00eame groupe culturel (cens\u00e9 \u00eatre le reflet d\u2019une soci\u00e9t\u00e9 pr\u00e9historique) ne sera pas le m\u00eame selon que l\u2019on prend en compte le mobilier c\u00e9ramique ou lithique, selon que l\u2019on compare les productions mat\u00e9rielles \u00e0 l\u2019\u00e9volution de la pens\u00e9e symbolique, selon que l\u2019on confronte pratiques architecturales, rituelles, fun\u00e9raires\u2026 Ce constat nous pousse \u00e0 nous interroger sur la pertinence m\u00eame des d\u00e9finitions des cultures pr\u00e9historiques telles que nous les utilisons. Un seul type de vestiges, g\u00e9n\u00e9ralement mobilier, suffit-il \u00e0 d\u00e9finir une entit\u00e9 culturelle ? Comment r\u00e9soudre le probl\u00e8me pos\u00e9 par les rythmes \u00e9volutifs diff\u00e9rentiels dans le cadre d\u2019une interpr\u00e9tation culturelle ? \u00c0 partir de quel niveau de d\u00e9finition peut-on consid\u00e9rer qu\u2019une culture arch\u00e9ologique est un r\u00e9el reflet des soci\u00e9t\u00e9s pr\u00e9historiques telles qu\u2019elles furent existantes, et \u00e0 partir de quand peut-on consid\u00e9rer qu\u2019une culture s\u2019est transform\u00e9e en une autre, ou qu\u2019elle a disparu ? Ce sont ces interrogations qui ont constitu\u00e9 le th\u00e8me de ces 9e Rencontres M\u00e9ridionales de Pr\u00e9histoire R\u00e9cente.<\/p>\n\n\n\n<p>L\u2019actualit\u00e9 de la recherche a toutefois rassembl\u00e9 le maximum de communications et de contributions \u00e9crites. Celle-ci a \u00e9t\u00e9 subdivis\u00e9e en deux volets, d\u2019une part l\u2019actualit\u00e9 de la recherche de terrain et de laboratoire dans le sud de la France, et d\u2019autre part un focus sur cette m\u00eame actualit\u00e9 mais centr\u00e9 sur la r\u00e9gion Poitou-Charentes. Cette derni\u00e8re partie a \u00e9t\u00e9 l\u2019occasion de mettre sur pied une exposition de photographies a\u00e9riennes consacr\u00e9es aux enceintes n\u00e9olithiques r\u00e9gionales, dont l\u2019essentiel des clich\u00e9s est \u00e9galement pr\u00e9sent\u00e9 dans ce volume.<\/p>\n","protected":false},"excerpt":{"rendered":"<p>PERRIN (T.), S\u00c9N\u00c9PART (I.), CAULIEZ (J. ), THIRAULT (\u00c9.) et BONNARDIN (S.), dir., 2012. Dynamismes et rythmes \u00e9volutifs des soci\u00e9t\u00e9s de la Pr\u00e9histoire r\u00e9cente. Actualit\u00e9 de la recherche. Actes des 9e Rencontres M\u00e9ridionales de Pr\u00e9histoire R\u00e9cente, Saint-Georges-de-Didonne, 8 et 9 octobre 2010, Archives d\u2019\u00c9cologie Pr\u00e9historique, 2012, 493 p., ISBN 978-2-35842-007-5. En vente sur le site [&hellip;]<\/p>\n","protected":false},"author":1421,"featured_media":0,"parent":20,"menu_order":0,"comment_status":"closed","ping_status":"closed","template":"","meta":{"footnotes":""},"class_list":["post-88","page","type-page","status-publish","hentry"],"_links":{"self":[{"href":"https:\/\/blogs.univ-tlse2.fr\/rmpr\/wp-json\/wp\/v2\/pages\/88","targetHints":{"allow":["GET"]}}],"collection":[{"href":"https:\/\/blogs.univ-tlse2.fr\/rmpr\/wp-json\/wp\/v2\/pages"}],"about":[{"href":"https:\/\/blogs.univ-tlse2.fr\/rmpr\/wp-json\/wp\/v2\/types\/page"}],"author":[{"embeddable":true,"href":"https:\/\/blogs.univ-tlse2.fr\/rmpr\/wp-json\/wp\/v2\/users\/1421"}],"replies":[{"embeddable":true,"href":"https:\/\/blogs.univ-tlse2.fr\/rmpr\/wp-json\/wp\/v2\/comments?post=88"}],"version-history":[{"count":2,"href":"https:\/\/blogs.univ-tlse2.fr\/rmpr\/wp-json\/wp\/v2\/pages\/88\/revisions"}],"predecessor-version":[{"id":154,"href":"https:\/\/blogs.univ-tlse2.fr\/rmpr\/wp-json\/wp\/v2\/pages\/88\/revisions\/154"}],"up":[{"embeddable":true,"href":"https:\/\/blogs.univ-tlse2.fr\/rmpr\/wp-json\/wp\/v2\/pages\/20"}],"wp:attachment":[{"href":"https:\/\/blogs.univ-tlse2.fr\/rmpr\/wp-json\/wp\/v2\/media?parent=88"}],"curies":[{"name":"wp","href":"https:\/\/api.w.org\/{rel}","templated":true}]}}