 {"id":20,"date":"2013-02-12T14:16:33","date_gmt":"2013-02-12T13:16:33","guid":{"rendered":"https:\/\/blogs.univ-tlse2.fr\/ronjat2013\/?page_id=20"},"modified":"2014-02-06T10:44:23","modified_gmt":"2014-02-06T09:44:23","slug":"programme","status":"publish","type":"page","link":"https:\/\/blogs.univ-tlse2.fr\/ronjat2013\/programme\/","title":{"rendered":"Programme"},"content":{"rendered":"<p><\/p>\n<table border=\"1\" cellspacing=\"0\" cellpadding=\"0\">\n<tbody>\n<tr>\n<td valign=\"top\" width=\"418\"><strong>Le programme d\u00e9finitif sera rendu public en septembre 2013.<\/strong><span style=\"text-decoration: underline\">Table d\u2019auteurs\u00a0:<\/span><\/p>\n<p>La librairie <i>Etudes<\/i>de l\u2019Universit\u00e9 de Toulouse II \u2013 le Mirail tiendra le temps du colloque une table d\u2019auteurs\u00a0: les ouvrages \u00e9dit\u00e9s et num\u00e9ros de revue que les auteurs souhaitent tenir \u00e0 disposition du public seront pr\u00e9sent\u00e9s et en vente, ainsi qu\u2019une s\u00e9lection bibliographique d\u2019ouvrages r\u00e9alis\u00e9e par le comit\u00e9 scientifique.<\/p>\n<p>Les auteurs sont invit\u00e9s \u00e0 faire conna\u00eetre au comit\u00e9 de pilotage leurs publications.<\/p>\n<p><span style=\"text-decoration: underline\">Pr\u00e9-programme<\/span><\/p>\n<p><b>\u00a0<\/b><\/p>\n<p><b>Jeudi 21 Novembre\u00a0:<\/b><\/p>\n<ul>\n<li>8h45\u00a0: accueil \u2013 inscription et caf\u00e9s<\/li>\n<li>9h15\u00a0: ouverture du colloque\u00a0:<\/li>\n<li>10h\u00a0: P. Sauzet &amp; P. Escud\u00e9, pr\u00e9sentation du colloque : \u00ab\u00a02013 \u2013 Ronjat\u00a0cent ans apr\u00e8s : un espace, un individu, combien de langues\u00a0? Th\u00e9orie et pratique de l\u2019acquisition bilingue et de l\u2019unit\u00e9 de la langue\u00a0\u00bb \u2013 \u00ab\u00a0aspects philologiques\u00a0; \u00e9pist\u00e9mologiques\u00a0; didactiques\u00a0; politiques.\u00a0\u00bb<\/li>\n<\/ul>\n<p>&#8211;\u00a0\u00a0\u00a0\u00a0\u00a0\u00a0\u00a0\u00a0\u00a0 <b>Communication Pl\u00e9ni\u00e8re 1\u00a0:<\/b> 10h30<\/p>\n<p>&#8211;\u00a0\u00a0\u00a0\u00a0\u00a0\u00a0\u00a0\u00a0\u00a0 <b>Communication Pl\u00e9ni\u00e8re 2<\/b>\u00a0: 11h15<\/p>\n<ul>\n<li>12h-12h30 = questions avec la salle.<\/li>\n<\/ul>\n<p><i>12h30-14h Pause\u00a0: repas pour les inscrits au Restaurant Universitaire de l\u2019IUFM site Saint-Agne.<\/i><\/p>\n<p>&#8211;\u00a0\u00a0\u00a0\u00a0\u00a0\u00a0\u00a0\u00a0\u00a0 <b>Communication Pl\u00e9ni\u00e8re 3\u00a0: <\/b>14h-14h45<\/p>\n<p>&#8211;\u00a0\u00a0\u00a0\u00a0\u00a0\u00a0\u00a0\u00a0\u00a0 <b>Communication Pl\u00e9ni\u00e8re 4\u00a0: <\/b>14h45-15h30<\/p>\n<ul>\n<li>15h30-16h = questions avec la salle.<\/li>\n<li>16h-16h30 = pause-caf\u00e9 et table d\u2019auteur.<\/li>\n<\/ul>\n<p>&#8211;\u00a0\u00a0\u00a0\u00a0\u00a0\u00a0\u00a0\u00a0\u00a0 <b>Communication Pl\u00e9ni\u00e8re 5\u00a0: <\/b>16h30-17h15<\/p>\n<ul>\n<li>17h15-17h45 = questions avec la salle.<\/li>\n<li>la table d\u2019auteurs sera ouverte jusqu\u2019\u00e0 18h.<\/li>\n<\/ul>\n<ul>\n<li>20h = repas des conf\u00e9renciers et des organisateurs.<\/li>\n<\/ul>\n<p><b>Vendredi 22 Novembre\u00a0: <\/b><\/p>\n<ul>\n<li>8h45\u00a0: accueil et caf\u00e9<\/li>\n<\/ul>\n<ul>\n<li>9h = ouverture des ateliers, <i>Temps 1<\/i>\u00a0: (4 axes, 2 communications par axe)<\/li>\n<\/ul>\n<ul>\n<li>10h15-10h45\u00a0: pause caf\u00e9 et table d\u2019auteur.<\/li>\n<li>10h45-12h15\u00a0: ateliers, <i>Temps 2<\/i>\u00a0: (4 axes, 2 communications par axe)<\/li>\n<\/ul>\n<p><i>12h15-14h Pause\u00a0: repas pour les inscrits au Restaurant Universitaire de l\u2019IUFM site Saint-Agne<\/i><\/p>\n<ul>\n<li>14h-15h : Synth\u00e8se des quatre ateliers par les mod\u00e9rateurs.<\/li>\n<\/ul>\n<p>&#8211;\u00a0\u00a0\u00a0\u00a0\u00a0\u00a0\u00a0\u00a0\u00a0 <b>Communication Pl\u00e9ni\u00e8re 6\u00a0: <\/b>15h-15h45<\/p>\n<ul>\n<li>15h45-16h15\u00a0: pause-caf\u00e9 et table d\u2019auteurs (dernier temps de la table d\u2019auteurs).<\/li>\n<\/ul>\n<p><b>&#8211;\u00a0\u00a0\u00a0\u00a0\u00a0\u00a0\u00a0\u00a0\u00a0 Communication Pl\u00e9ni\u00e8re 7\u00a0: <\/b>16h15-17h, <b>\u00a0le grand t\u00e9moin<\/b>, Daniel Coste (ENS de Lyon, ADEB, SIHFLES)\u00a0: \u00ab\u00a0La gestion de la pluralit\u00e9 des langues dans l\u2019individu et dans l\u2019espace\u00a0: quelles\u00a0 politiques linguistiques, quelles politiques scolaires\u00a0? \u00bb<\/p>\n<ul>\n<li>17h-18h = table ronde et d\u00e9bat avec la salle. <i>En plus des conf\u00e9renciers invit\u00e9s, un repr\u00e9sentant du Minist\u00e8re de l\u2019Education Nationale. <\/i><\/li>\n<\/ul>\n<\/td>\n<\/tr>\n<\/tbody>\n<\/table>\n<p><\/p>","protected":false},"excerpt":{"rendered":"<p>Le programme d\u00e9finitif sera rendu public en septembre 2013.Table d\u2019auteurs\u00a0: La librairie Etudesde l\u2019Universit\u00e9 de Toulouse II \u2013 le Mirail tiendra le temps du colloque une table d\u2019auteurs\u00a0: les ouvrages \u00e9dit\u00e9s et num\u00e9ros de revue que les auteurs souhaitent tenir &hellip; <a href=\"https:\/\/blogs.univ-tlse2.fr\/ronjat2013\/programme\/\">Continuer la lecture <span class=\"meta-nav\">&rarr;<\/span><\/a><\/p>\n","protected":false},"author":1,"featured_media":0,"parent":0,"menu_order":0,"comment_status":"closed","ping_status":"open","template":"","meta":{"footnotes":""},"class_list":["post-20","page","type-page","status-publish","hentry"],"_links":{"self":[{"href":"https:\/\/blogs.univ-tlse2.fr\/ronjat2013\/wp-json\/wp\/v2\/pages\/20","targetHints":{"allow":["GET"]}}],"collection":[{"href":"https:\/\/blogs.univ-tlse2.fr\/ronjat2013\/wp-json\/wp\/v2\/pages"}],"about":[{"href":"https:\/\/blogs.univ-tlse2.fr\/ronjat2013\/wp-json\/wp\/v2\/types\/page"}],"author":[{"embeddable":true,"href":"https:\/\/blogs.univ-tlse2.fr\/ronjat2013\/wp-json\/wp\/v2\/users\/1"}],"replies":[{"embeddable":true,"href":"https:\/\/blogs.univ-tlse2.fr\/ronjat2013\/wp-json\/wp\/v2\/comments?post=20"}],"version-history":[{"count":14,"href":"https:\/\/blogs.univ-tlse2.fr\/ronjat2013\/wp-json\/wp\/v2\/pages\/20\/revisions"}],"predecessor-version":[{"id":212,"href":"https:\/\/blogs.univ-tlse2.fr\/ronjat2013\/wp-json\/wp\/v2\/pages\/20\/revisions\/212"}],"wp:attachment":[{"href":"https:\/\/blogs.univ-tlse2.fr\/ronjat2013\/wp-json\/wp\/v2\/media?parent=20"}],"curies":[{"name":"wp","href":"https:\/\/api.w.org\/{rel}","templated":true}]}}