 {"id":1328,"date":"2023-09-17T12:06:52","date_gmt":"2023-09-17T10:06:52","guid":{"rendered":"https:\/\/blogs.univ-tlse2.fr\/scemuto\/?page_id=1328"},"modified":"2023-09-22T17:08:55","modified_gmt":"2023-09-22T15:08:55","slug":"tactikollectif","status":"publish","type":"page","link":"https:\/\/blogs.univ-tlse2.fr\/scemuto\/autres-acteur-rice-s\/tactikollectif\/","title":{"rendered":"Tactikollectif"},"content":{"rendered":"\n<div class=\"wp-block-cover wp-duotone-000000-ffffff-1\"><span aria-hidden=\"true\" class=\"wp-block-cover__background has-foreground-background-color has-background-dim\"><\/span><img loading=\"lazy\" decoding=\"async\" width=\"746\" height=\"422\" class=\"wp-block-cover__image-background wp-image-1652\" alt=\"\" src=\"https:\/\/blogs.univ-tlse2.fr\/scemuto\/files\/2023\/01\/848D8E85-2723-4D30-B342-55FB61F2D4A6.jpeg\" style=\"object-position:9% 56%\" data-object-fit=\"cover\" data-object-position=\"9% 56%\" srcset=\"https:\/\/blogs.univ-tlse2.fr\/scemuto\/files\/2023\/01\/848D8E85-2723-4D30-B342-55FB61F2D4A6.jpeg 746w, https:\/\/blogs.univ-tlse2.fr\/scemuto\/files\/2023\/01\/848D8E85-2723-4D30-B342-55FB61F2D4A6-300x170.jpeg 300w\" sizes=\"auto, (max-width: 746px) 100vw, 746px\" \/><div class=\"wp-block-cover__inner-container is-layout-flow wp-block-cover-is-layout-flow\">\n<p class=\"has-text-align-center has-large-font-size\"><\/p>\n<\/div><\/div>\n\n\n\n<pre class=\"wp-block-verse has-text-align-left has-medium-font-size\">\nCr\u00e9\u00e9e en 1982 (sous le nom de Vit\u00e9cri), Tactikollectif est une association toulousaine qui organise des \u00e9v\u00e9nements culturels et musicaux sous-tendus par une volont\u00e9 militante de diffusion et valorisation du patrimoine de l\u2019immigration et des quartiers populaires \u00e0 Toulouse. L'association est connue notamment par le biais de la notori\u00e9t\u00e9 du groupe Zebda, qui a particip\u00e9 \u00e0 sa fondation.\n<\/pre>\n\n\n\n<hr class=\"wp-block-separator has-alpha-channel-opacity\" \/>\n\n\n\n<h4 class=\"wp-block-heading\"><strong><em>Entretien avec Salah Amokrane, coordinateur g\u00e9n\u00e9ral de Tactikollectif <\/em><\/strong><\/h4>\n\n\n\n<p><em>Un entretien pr\u00e9par\u00e9, men\u00e9 et mont\u00e9 par Maxime Laboureau-Bernat et Jorge Andr\u00e8s Faugier.<\/em><\/p>\n\n\n\n<figure class=\"wp-block-audio\"><audio controls src=\"https:\/\/prismes.univ-toulouse.fr\/video.php?code=332b7b2H&amp;width=100%&amp;height=100%\"><\/audio><\/figure>\n\n\n\n<hr class=\"wp-block-separator has-alpha-channel-opacity\" \/>\n\n\n\n<h4 class=\"wp-block-heading\"><strong><em>Histoire de l&rsquo;association <\/em><\/strong><\/h4>\n\n\n\n<p>C\u2019est en 1982 que l\u2019association Vit\u00e9cri (pour VId\u00e9o, Th\u00e9\u00e2tre et ECRiture)&nbsp; fut cr\u00e9\u00e9e au sein des quartiers populaires nord de Toulouse. Cette association proposait des ateliers de r\u00e9alisation vid\u00e9o qui ont donn\u00e9 naissance \u00e0 de nombreux courts m\u00e9trages. L\u2019un des ces court m\u00e9trages r\u00e9alis\u00e9 en 1985 et&nbsp; nomm\u00e9 <em>Salah, Malik: Beurs <\/em>nous raconte l\u2019histoire du groupe fictif \u201cZebda Bird\u201d cherchant un local o\u00f9 jouer. Peu de temps apr\u00e8s le tournage du court m\u00e9trage les acteurs ayant jou\u00e9 les Zebda Bird (<a href=\"https:\/\/fr.wikipedia.org\/wiki\/Magyd_Cherfi\">Magyd Cherfi<\/a>, <a href=\"https:\/\/fr.wikipedia.org\/w\/index.php?title=Pascal_Cabero&amp;action=edit&amp;redlink=1\">Pascal Cabero<\/a> et <a href=\"https:\/\/fr.wikipedia.org\/wiki\/Jo%C3%ABl_Saurin\">Jo\u00ebl Saurin<\/a>) d\u00e9cident de cr\u00e9er le groupe Zebda et accueillent Mustapha et Harim Hamokrane, vincent sanchez et plus tard R\u00e9mi sanchez. L\u2019association Vitr\u00e9cri organisera de 1991 \u00e0 1994 le festival <em>\u00e7a bouge au nord <\/em>en travaillant avec des groupes comme Noir D\u00e9sir, la Mano negra ou bien evid\u00e9ment Zebda. L\u2019association Tactikollectif verra quant \u00e0 elle le jour en 1997, compos\u00e9e des membres du groupe Zebda et de membres issus de l\u2019association <em>Vit\u00e9cri<\/em> et des quartiers nord de Toulouse<em>. <\/em><\/p>\n\n\n\n<p>L\u2019association Tactikollectif voit le jour en 1997 compos\u00e9e des membres du groupe Zebda et de nombreux membres de l\u2019association Vit\u00e9cri et de personnes issues des quartiers nords de Toulouse. Cette nouvelle association cherche l\u2019ind\u00e9pendance de r\u00e9flexion et d\u2019action, elle place les questions des discriminations, l&rsquo;expression des habitants des quartiers populaires et les actions culturelles au c\u0153ur de ses pr\u00e9occupations. C\u2019est gr\u00e2ce \u00e0 ses diff\u00e9rentes luttes et \u00e0 la cr\u00e9ations de nombreux projets artistiques, comme leur premier album <em>Motiv\u00e9, chants de luttes <\/em>ou le c\u00e9l\u00e8bre festival <em>origine contr\u00f4l\u00e9es<\/em>, mais aussi \u00e0 leurs actions politiques et leurs d\u00e9bats que l\u2019association tactikollectif \u00e0 r\u00e9ussi \u00e0 se faire une place dans la vie culturelle et musicale toulousaine. Encore aujourd\u2019hui l\u2019association tactikollectif organise de nombreux \u00e9v\u00e9nements culturels et musicaux tout au long de l\u2019ann\u00e9e et fait souvent des partenariats avec d\u2019autres associations et organismes mais aussi avec de nombreux artistes.<\/p>\n\n\n\n<hr class=\"wp-block-separator has-alpha-channel-opacity\" \/>\n\n\n\n<h4 class=\"wp-block-heading\"><strong><em>Activit\u00e9s musicales<\/em><\/strong><\/h4>\n\n\n\n<p><em><strong>Origines control\u00e9es <\/strong><\/em><\/p>\n\n\n\n<p>Tactikollectif est une association qui va surtout mettre en lumi\u00e8re la musique qui repr\u00e9sente le patrimoine culturel des quartiers nord de Toulouse. \u00c0 travers leurs activit\u00e9s, on peut constater l\u2019importance d&rsquo;\u00e9v\u00e9nements musicaux, dont on peut souligner la relevance du festival Origines Contr\u00f4l\u00e9es, qui a lieu chaque ann\u00e9e depuis 2004 et qui fonctionne comme projet phare de l\u2019association. Toujours avec un objectif de donner une voix et une identit\u00e9 aux quartiers populaires, et plus pr\u00e9cis\u00e9ment les quartiers nord de Toulouse, ce festival pr\u00e9sente une grande vari\u00e9t\u00e9 d\u2019activit\u00e9s (D\u00e9bats &#8211; Rencontres; Concerts &#8211; spectacles) afin de transmettre au public une partie du h\u00e9ritage culturel issu des quartiers en question. Ce festival joue un r\u00f4le important dans l&rsquo;id\u00e9ologie d\u2019\u00e9ducation populaire, amenant le public \u00e0 d\u00e9couvrir une identit\u00e9 culturelle et promouvant un sens d\u2019appartenance et appropriation des quartiers mentionn\u00e9s.&nbsp;<\/p>\n\n\n\n<figure class=\"wp-block-image size-full\"><a href=\"https:\/\/tactikollectif.org\/reseau\/\"><img loading=\"lazy\" decoding=\"async\" width=\"828\" height=\"591\" src=\"https:\/\/blogs.univ-tlse2.fr\/scemuto\/files\/2023\/01\/898B0C9D-18CF-42C0-9C45-2EAF2A8E60BC.jpeg\" alt=\"\" class=\"wp-image-1649\" srcset=\"https:\/\/blogs.univ-tlse2.fr\/scemuto\/files\/2023\/01\/898B0C9D-18CF-42C0-9C45-2EAF2A8E60BC.jpeg 828w, https:\/\/blogs.univ-tlse2.fr\/scemuto\/files\/2023\/01\/898B0C9D-18CF-42C0-9C45-2EAF2A8E60BC-300x214.jpeg 300w, https:\/\/blogs.univ-tlse2.fr\/scemuto\/files\/2023\/01\/898B0C9D-18CF-42C0-9C45-2EAF2A8E60BC-768x548.jpeg 768w\" sizes=\"auto, (max-width: 828px) 100vw, 828px\" \/><\/a><figcaption class=\"wp-element-caption\">Affiches du festivals origines control\u00e9es datant de 2004 et 2022, source: <a href=\"https:\/\/tactikollectif.org\/category\/festivals-et-concerts\/\" data-type=\"URL\" data-id=\"https:\/\/tactikollectif.org\/category\/festivals-et-concerts\/\">tactikollectif.org<\/a><\/figcaption><\/figure>\n\n\n\n<p><em><strong>Production d&rsquo;albums<\/strong><\/em><\/p>\n\n\n\n<p>Tactikollectif s\u2019est aussi engag\u00e9 \u00e0 la production d\u2019albums musicaux comme autre moyen de cr\u00e9ation et de diffusion. En travaillant avec les membres de Zebda, des projets comme \u201c100% coll\u00e8gues\u00a0\u00bb ou bien \u201cMotiv\u00e9es\u201d ont \u00e9t\u00e9 con\u00e7ues. Mais \u00e9galement des collaborations avec d\u2019autres groupes comme \u201cl&rsquo;air de rien\u201d vont donner naissance \u00e0 la production de nouveaux albums. Cette activit\u00e9 \u00e0 \u00e9t\u00e9 mise de c\u00f4t\u00e9 de la part de Tactikollectif il y a quelques ann\u00e9es. Ces albums datent dans sa majorit\u00e9 dans le premi\u00e8re d\u00e9cennie des ann\u00e9es 2000\u2019.&nbsp; Pourtant on peut \u00e0 aucun moment ignorer toutes ces productions, celles-ci vont nous r\u00e9v\u00e9ler l\u2019intention de l\u2019association, de faire conna\u00eetre le patrimoine culturel des quartiers populaires, et le soutien physique d\u2019un CD permet qu\u2019il soit mieux conserv\u00e9.&nbsp;&nbsp;<\/p>\n\n\n\n<figure class=\"wp-block-image size-full\"><img loading=\"lazy\" decoding=\"async\" width=\"828\" height=\"410\" src=\"https:\/\/blogs.univ-tlse2.fr\/scemuto\/files\/2023\/01\/F6E22CB1-7FBF-4339-BDC2-D01EF92C4166.jpeg\" alt=\"\" class=\"wp-image-1651\" srcset=\"https:\/\/blogs.univ-tlse2.fr\/scemuto\/files\/2023\/01\/F6E22CB1-7FBF-4339-BDC2-D01EF92C4166.jpeg 828w, https:\/\/blogs.univ-tlse2.fr\/scemuto\/files\/2023\/01\/F6E22CB1-7FBF-4339-BDC2-D01EF92C4166-300x149.jpeg 300w, https:\/\/blogs.univ-tlse2.fr\/scemuto\/files\/2023\/01\/F6E22CB1-7FBF-4339-BDC2-D01EF92C4166-768x380.jpeg 768w\" sizes=\"auto, (max-width: 828px) 100vw, 828px\" \/><figcaption class=\"wp-element-caption\">Pochettes des albums<em> 100% coll\u00e8gues<\/em> et<em> l&rsquo;air de rien<\/em>, source:<a href=\"https:\/\/tactikollectif.org\/category\/disque\/\" data-type=\"URL\" data-id=\"https:\/\/tactikollectif.org\/category\/disque\/\"> tactikollectif.org<\/a><\/figcaption><\/figure>\n\n\n\n<hr class=\"wp-block-separator has-alpha-channel-opacity\" \/>\n\n\n\n<h4 class=\"wp-block-heading\"><strong><em>Tactikollectif au-del\u00e0 la programmation musicale <\/em><\/strong><\/h4>\n\n\n\n<p class=\"has-medium-font-size\"><strong><em>Multiplicit\u00e9 des projets<\/em><\/strong><br>&nbsp;Connu principalement au travers de ses projets phares <em>Origines Contr\u00f4l\u00e9es<\/em> et <em>Motiv\u00e9s<\/em> qui ont fait conna\u00eetre sa production et programmation musicale, le Tactikollectif organise des \u00e9v\u00e9nements avec une grande polyvalence de forme et de sujet sans se limiter au seul m\u00e9dium de la musique.<\/p>\n\n\n\n<div class=\"wp-block-columns alignfull is-layout-flex wp-container-core-columns-is-layout-28f84493 wp-block-columns-is-layout-flex\">\n<div class=\"wp-block-column is-layout-flow wp-block-column-is-layout-flow\" style=\"flex-basis:50%\">\n<div class=\"wp-block-cover is-light\" style=\"min-height:600px;aspect-ratio:unset;\"><span aria-hidden=\"true\" class=\"wp-block-cover__background has-background-dim-100 has-background-dim\" style=\"background-color:#f6f6f6\"><\/span><div class=\"wp-block-cover__inner-container is-layout-flow wp-block-cover-is-layout-flow\">\n<figure class=\"wp-block-image aligncenter size-large\"><img loading=\"lazy\" decoding=\"async\" width=\"730\" height=\"1024\" src=\"https:\/\/blogs.univ-tlse2.fr\/scemuto\/files\/2023\/01\/79235093-6655-40C2-8CB4-2DF18D61A987-730x1024.jpeg\" alt=\"\" class=\"wp-image-1655\" srcset=\"https:\/\/blogs.univ-tlse2.fr\/scemuto\/files\/2023\/01\/79235093-6655-40C2-8CB4-2DF18D61A987-730x1024.jpeg 730w, https:\/\/blogs.univ-tlse2.fr\/scemuto\/files\/2023\/01\/79235093-6655-40C2-8CB4-2DF18D61A987-214x300.jpeg 214w, https:\/\/blogs.univ-tlse2.fr\/scemuto\/files\/2023\/01\/79235093-6655-40C2-8CB4-2DF18D61A987-768x1077.jpeg 768w, https:\/\/blogs.univ-tlse2.fr\/scemuto\/files\/2023\/01\/79235093-6655-40C2-8CB4-2DF18D61A987.jpeg 816w\" sizes=\"auto, (max-width: 730px) 100vw, 730px\" \/><figcaption class=\"wp-element-caption\">affiche de la projection et rencontre du film <em>black is Beltza II<\/em> source: <a href=\"https:\/\/tactikollectif.org\/category\/quartiers\/quartiers-nord\/\" data-type=\"URL\" data-id=\"https:\/\/tactikollectif.org\/category\/quartiers\/quartiers-nord\/\">tactikollectif.org<\/a><\/figcaption><\/figure>\n<\/div><\/div>\n\n\n\n<p><\/p>\n\n\n\n<p><\/p>\n\n\n\n<hr class=\"wp-block-separator aligncenter has-alpha-channel-opacity\" \/>\n\n\n\n<h4 class=\"wp-block-heading has-text-align-right\">    <strong><em>Un engagement politique<\/em><\/strong><\/h4>\n<\/div>\n\n\n\n<div class=\"wp-block-column is-vertically-aligned-center is-layout-flow wp-block-column-is-layout-flow\" style=\"padding-top:1em;padding-right:1em;padding-bottom:1em;padding-left:1em\">\n<div class=\"wp-block-columns is-layout-flex wp-container-core-columns-is-layout-28f84493 wp-block-columns-is-layout-flex\">\n<div class=\"wp-block-column is-layout-flow wp-block-column-is-layout-flow\" style=\"flex-basis:320px\">\n<p class=\"has-medium-font-size\" style=\"line-height:1.6\"><strong><em>Le tacik et le cin\u00e9ma<\/em><\/strong> <\/p>\n\n\n\n<p>En partenariat avec des salles de cin\u00e9ma comme l\u2019Utopia Borderouge l\u2019association organise r\u00e9guli\u00e8rement de projection de film ou de court m\u00e9trage, que ce soit dans le cadre du festival <em>Origines Contr\u00f4l\u00e9es <\/em>ou dans celui d\u2019une avant premi\u00e8re comme avec le film <em>Youssef a du succ\u00e8s<\/em> de la r\u00e9alisatrice Baya Kasmi collaboratrice de longue date et qui a r\u00e9v\u00e9l\u00e9e avoir \u00e9t\u00e9 nourrie dans sa jeunesse par l\u2019esprit du Tactikollectif. Cette projection qui s&rsquo;est d\u00e9roul\u00e9e le 7 janvier 2022 a donn\u00e9 lieu \u00e0 une rencontre entre la r\u00e9alisatrice et le public. Autre exemple d\u2019\u00e9v\u00e9nement autour du cin\u00e9ma organis\u00e9 par l&rsquo;association, la&nbsp; projection-rencontre du film d\u2019animation Black beltza 2 du r\u00e9alisateur Fermin Murguza. Comme souvent le Tactikollectif avait organis\u00e9 un programme autour du film; d\u00e9bat \u201c<em>de l\u00e0 o\u00f9 nous sommes<\/em>\u201d, concert et Dj set. Le tactik croise les arts et les m\u00e9dias dans sa programmation \u00e9clectique qu\u2019il construit dans un esprit festif et militant autour des sujets qui lui tiennent \u00e0 c\u0153ur.<\/p>\n<\/div>\n<\/div>\n<\/div>\n<\/div>\n\n\n\n<div class=\"wp-block-columns is-layout-flex wp-container-core-columns-is-layout-28f84493 wp-block-columns-is-layout-flex\">\n<div class=\"wp-block-column is-layout-flow wp-block-column-is-layout-flow\">\n<p style=\"font-size:18px\">Un des traits les plus saillants de tactikollectif est son engagement militant et citoyen. Il veut transmettre et diffuser la voix des individus et des communaut\u00e9s notamment celles issues de l\u2019immigration et des quartiers. Loin des clich\u00e9s et en gardant un esprit festif et de partage, il vise \u00e0 questionner et \u00e0 \u00e9changer sur des sujets comme la m\u00e9moire de l\u2019immigration ou la place des femmes. Ses th\u00e8mes sont tr\u00e8s pr\u00e9sents dans la programmation de l\u2019association que ce soit dans le choix des artistes programm\u00e9s ou en tant que th\u00e8me d\u2019exposition et de forum de discussion.<\/p>\n<\/div>\n\n\n\n<div class=\"wp-block-column is-layout-flow wp-block-column-is-layout-flow\">\n<p style=\"font-size:18px\">Lors de la journ\u00e9e internationale des droits des femmes le 5 mars 2022&nbsp; le Tactik a organis\u00e9 de nombreux \u00e9v\u00e9nements sur le th\u00e8me du f\u00e9minisme et de la parole des femmes: l\u2019exposition \u201c<em>parcours de femmes<\/em>\u201d, des Rencontre-d\u00e9bat \u00abF\u00e9minismes et quartiers populaires \u00bb. Autre t\u00e9moin de leur engagement et de leur action citoyenne: l&rsquo;inauguration de la place Ahmed Chenane nomm\u00e9e ainsi \u00e0 leur initiative en hommage \u00e0 l\u2019homme du m\u00eame nom ,figure locale importante. L\u2019inauguration s\u2019est faite avec concert, discours, et pot de l\u2019amiti\u00e9.<\/p>\n<\/div>\n<\/div>\n\n\n\n<p><\/p>\n\n\n\n<hr class=\"wp-block-separator has-alpha-channel-opacity\" \/>\n\n\n\n<h4 class=\"wp-block-heading\"><strong><em>Ressources<\/em><\/strong><\/h4>\n\n\n\n<p><a href=\"https:\/\/www.instagram.com\/tactikollectif\/?hl=fr\">https:\/\/www.instagram.com\/tactikollectif\/?hl=fr<\/a><\/p>\n\n\n\n<p><a href=\"https:\/\/twitter.com\/tactikollectif?lang=fr\">https:\/\/twitter.com\/tactikollectif?lang=fr<\/a><\/p>\n\n\n\n<p><a href=\"https:\/\/www.facebook.com\/Tactikollectif\/\">https:\/\/www.facebook.com\/Tactikollectif\/<\/a><\/p>\n\n\n\n<p><a href=\"https:\/\/www.youtube.com\/user\/Tactikollectif\/videos\">https:\/\/www.youtube.com\/user\/Tactikollectif\/videos<\/a><\/p>\n\n\n\n<figure class=\"wp-block-embed is-type-wp-embed is-provider-tactikollectif wp-block-embed-tactikollectif\"><div class=\"wp-block-embed__wrapper\">\n<blockquote class=\"wp-embedded-content\" data-secret=\"ncuKfWBIRY\"><a href=\"https:\/\/tactikollectif.org\/presentation\/\">Pr\u00e9sentation &#8211; Association culturelle et concern\u00e9e\u2026<\/a><\/blockquote><iframe loading=\"lazy\" class=\"wp-embedded-content\" sandbox=\"allow-scripts\" security=\"restricted\" style=\"position: absolute; clip: rect(1px, 1px, 1px, 1px);\" title=\"\u00ab\u00a0Pr\u00e9sentation &#8211; Association culturelle et concern\u00e9e\u2026\u00a0\u00bb &#8212; Tactikollectif\" src=\"https:\/\/tactikollectif.org\/presentation\/embed\/#?secret=ncuKfWBIRY\" data-secret=\"ncuKfWBIRY\" width=\"500\" height=\"282\" frameborder=\"0\" marginwidth=\"0\" marginheight=\"0\" scrolling=\"no\"><\/iframe>\n<\/div><\/figure>\n\n\n\n<p><a href=\"https:\/\/tactikollectif.org\/wp-content\/uploads\/2021\/06\/Dossier-de-presse-HD-avec-compression_1.pdf\">https:\/\/tactikollectif.org\/wp-content\/uploads\/2021\/06\/Dossier-de-presse-HD-avec-compression_1.pdf<\/a> ,&nbsp;<\/p>\n\n\n\n<p><a href=\"http:\/\/www.transverscite.org\/Les-gens-de-VITECRI-l-histoire-d.html\">http:\/\/www.transverscite.org\/Les-gens-de-VITECRI-l-histoire-d.html<\/a><\/p>\n\n\n\n<p><a href=\"http:\/\/menzelbourguiba-ex-ferryville.over-blog.com\/2017\/02\/vitecri-toulouse.html\">http:\/\/menzelbourguiba-ex-ferryville.over-blog.com\/2017\/02\/vitecri-toulouse.html<\/a><\/p>\n\n\n\n<p><a href=\"https:\/\/www.linkedin.com\/company\/tactikollectif\/\">https:\/\/www.linkedin.com\/company\/tactikollectif\/<\/a><\/p>\n\n\n\n<p><a href=\"https:\/\/tel.archives-ouvertes.fr\/tel-01100067\/document\">https:\/\/tel.archives-ouvertes.fr\/tel-01100067\/document<\/a><\/p>\n\n\n\n<p><a href=\"https:\/\/www.discogs.com\/fr\/label\/59523-Tactikollectif\">https:\/\/www.discogs.com\/fr\/label\/59523-Tactikollectif<\/a><\/p>\n\n\n\n<p><a href=\"https:\/\/fr.wikipedia.org\/wiki\/Zebda\">https:\/\/fr.wikipedia.org\/wiki\/Zebda<\/a><\/p>\n\n\n\n<p><a href=\"http:\/\/www.transverscite.org\/IMG\/pdf\/les_gens_de_vitecri_sans_images_ni_annexes.pdf\">http:\/\/www.transverscite.org\/IMG\/pdf\/les_gens_de_vitecri_sans_images_ni_annexes.pdf<\/a><\/p>\n\n\n\n<p><\/p>\n\n\n\n<hr class=\"wp-block-separator has-alpha-channel-opacity\" \/>\n\n\n\n<p><em>Une page et un entretien pr\u00e9par\u00e9s et r\u00e9alis\u00e9s par Jorge Andr\u00e8s Faugier, Maxime Laboureau-Bernat et Lucile Rueda<\/em><\/p>\n","protected":false},"excerpt":{"rendered":"<p>Cr\u00e9\u00e9e en 1982 (sous le nom de Vit\u00e9cri), Tactikollectif est une association toulousaine qui organise des \u00e9v\u00e9nements culturels et musicaux sous-tendus par une volont\u00e9 militante de diffusion et valorisation du patrimoine de l\u2019immigration et des quartiers populaires \u00e0 Toulouse. L&rsquo;association est connue notamment par le biais de la notori\u00e9t\u00e9 du groupe Zebda, qui a particip\u00e9 [&hellip;]<\/p>\n","protected":false},"author":1127,"featured_media":0,"parent":1416,"menu_order":0,"comment_status":"closed","ping_status":"closed","template":"","meta":{"footnotes":""},"class_list":["post-1328","page","type-page","status-publish","hentry"],"_links":{"self":[{"href":"https:\/\/blogs.univ-tlse2.fr\/scemuto\/wp-json\/wp\/v2\/pages\/1328","targetHints":{"allow":["GET"]}}],"collection":[{"href":"https:\/\/blogs.univ-tlse2.fr\/scemuto\/wp-json\/wp\/v2\/pages"}],"about":[{"href":"https:\/\/blogs.univ-tlse2.fr\/scemuto\/wp-json\/wp\/v2\/types\/page"}],"author":[{"embeddable":true,"href":"https:\/\/blogs.univ-tlse2.fr\/scemuto\/wp-json\/wp\/v2\/users\/1127"}],"replies":[{"embeddable":true,"href":"https:\/\/blogs.univ-tlse2.fr\/scemuto\/wp-json\/wp\/v2\/comments?post=1328"}],"version-history":[{"count":8,"href":"https:\/\/blogs.univ-tlse2.fr\/scemuto\/wp-json\/wp\/v2\/pages\/1328\/revisions"}],"predecessor-version":[{"id":2044,"href":"https:\/\/blogs.univ-tlse2.fr\/scemuto\/wp-json\/wp\/v2\/pages\/1328\/revisions\/2044"}],"up":[{"embeddable":true,"href":"https:\/\/blogs.univ-tlse2.fr\/scemuto\/wp-json\/wp\/v2\/pages\/1416"}],"wp:attachment":[{"href":"https:\/\/blogs.univ-tlse2.fr\/scemuto\/wp-json\/wp\/v2\/media?parent=1328"}],"curies":[{"name":"wp","href":"https:\/\/api.w.org\/{rel}","templated":true}]}}